{"id":23,"date":"2021-03-22T13:30:30","date_gmt":"2021-03-22T13:30:30","guid":{"rendered":"http:\/\/www.ukkc.crolib.hr\/?page_id=23"},"modified":"2026-02-06T10:02:56","modified_gmt":"2026-02-06T10:02:56","slug":"clanovi-web-stranice-i-katalozi","status":"publish","type":"page","link":"https:\/\/www.ukkc.crolib.hr\/?page_id=23","title":{"rendered":"\u010cLANOVI-WEB STRANICE I KATALOZI"},"content":{"rendered":"\r\n<h2 class=\"wp-block-heading\"><strong> OSJE\u010cKO-BARANJSKA \u017dUPANIJA<\/strong><\/h2>\r\n\r\n\r\n\r\n<figure class=\"wp-block-table is-style-regular\">\r\n<table>\r\n<thead>\r\n<tr>\r\n<th class=\"has-text-align-left\" data-align=\"left\">NAZIV \u010cLANA<\/th>\r\n<th class=\"has-text-align-left\" data-align=\"left\">KATEGORIJA<\/th>\r\n<th>SASTAVNICA<\/th>\r\n<th>KATALOG<\/th>\r\n<\/tr>\r\n<\/thead>\r\n<tbody>\r\n<tr>\r\n<td class=\"has-text-align-left\" data-align=\"left\">\u00a0<\/td>\r\n<td class=\"has-text-align-left\" data-align=\"left\">\u00a0<\/td>\r\n<td>Gradska i sveu\u010dilili\u0161na knji\u017enica Osijek<\/td>\r\n<td><a href=\"http:\/\/161.53.208.100\/cgi-bin\/wero.cgi\">Katalog Gradske i sveu\u010dilili\u0161ne knji\u017enice Osijek<\/a><a href=\"http:\/\/161.53.208.100\/lb01\/search.html\"><strong><br \/><\/strong><\/a><\/td>\r\n<\/tr>\r\n<tr>\r\n<td class=\"has-text-align-left\" data-align=\"left\"><a href=\"https:\/\/www.gskos.unios.hr\/\">Gradska i sveu\u010dili\u0161na knji\u017enica Osijek<\/a><\/td>\r\n<td class=\"has-text-align-left\" data-align=\"left\">redoviti<\/td>\r\n<td>Stare i rijetke knjige Slavonije i Baranje<\/td>\r\n<td><a href=\"http:\/\/161.53.208.100\/lb01\/search.html\">Stare i rijetke knjige Slavonije i Baranje<\/a><\/td>\r\n<\/tr>\r\n<tr>\r\n<td class=\"has-text-align-left\" data-align=\"left\">\u00a0<\/td>\r\n<td class=\"has-text-align-left\" data-align=\"left\">\u00a0<\/td>\r\n<td>Knji\u017enice Osje\u010dko baranjske \u017eupanije<\/td>\r\n<td><a href=\"http:\/\/161.53.208.100\/ucat\/search.html\">Skupni katalog knji\u017enica Osje\u010dko baranjske \u017eupanije<\/a><\/td>\r\n<\/tr>\r\n<tr>\r\n<td class=\"has-text-align-left\" data-align=\"left\">\u00a0<\/td>\r\n<td class=\"has-text-align-left\" data-align=\"left\">\u00a0<\/td>\r\n<td>\u00a0<\/td>\r\n<td>\u00a0<\/td>\r\n<\/tr>\r\n<tr>\r\n<td class=\"has-text-align-left\" data-align=\"left\"><a href=\"http:\/\/www.efos.unios.hr\/\">Ekonomski fakultet u Osijeku<\/a><\/td>\r\n<td class=\"has-text-align-left\" data-align=\"left\">pridru\u017eeni<\/td>\r\n<td>Knji\u017enica Ekonomskog fakulteta u Osijeku<\/td>\r\n<td><a href=\"http:\/\/161.53.208.100\/lb06\/search.html\">Katalog knji\u017enice Ekonomskog fakulteta u Osijeku<\/a><\/td>\r\n<\/tr>\r\n<tr>\r\n<td class=\"has-text-align-left\" data-align=\"left\"><a href=\"http:\/\/www.fazos.unios.hr\/\">Fakultet agrobiotehni\u010dkih znanosti Osijek<\/a><\/td>\r\n<td class=\"has-text-align-left\" data-align=\"left\">pridru\u017eeni<\/td>\r\n<td>Knji\u017enica Fakulteta agrobiotehni\u010dkih znanosti Osijek<\/td>\r\n<td><a href=\"http:\/\/161.53.208.100\/lb03\/search.html\">Katalog knji\u017enice Fakulteta agrobiotehni\u010dkih znanosti Osijek<\/a><\/td>\r\n<\/tr>\r\n<tr>\r\n<td class=\"has-text-align-left\" data-align=\"left\"><a href=\"https:\/\/www.ffos.unios.hr\/\">Filozofski fakultet Osijek<\/a><\/td>\r\n<td class=\"has-text-align-left\" data-align=\"left\">redoviti<\/td>\r\n<td>Knji\u017enica Filozofskog fakulteta Osijek<\/td>\r\n<td><a href=\"http:\/\/161.53.208.119\/cgi-bin\/wero.cgi\">Katalog knji\u017enice Filozofskog fakulteta Osijek<\/a><\/td>\r\n<\/tr>\r\n<tr>\r\n<td class=\"has-text-align-left\" data-align=\"left\"><a href=\"http:\/\/www.gfos.unios.hr\/\">Gra\u0111evinski i arhitektonski fakultet Osijek<\/a><\/td>\r\n<td class=\"has-text-align-left\" data-align=\"left\">pridru\u017eeni<\/td>\r\n<td>Knji\u017enica Gra\u0111evinskog i arhitektonskog fakulteta Osijek<\/td>\r\n<td><a href=\"http:\/\/161.53.208.100\/lb04\/search.html\">Katalog knji\u017enice Gra\u0111evinskog i arhitektonskog fakulteta Osijek<\/a><\/td>\r\n<\/tr>\r\n<tr>\r\n<td class=\"has-text-align-left\" data-align=\"left\"><a href=\"http:\/\/www.ptfos.unios.hr\/\">Prehrambeno-tehnolo\u0161ki fakultet Osijek<\/a><\/td>\r\n<td class=\"has-text-align-left\" data-align=\"left\">pridru\u017eeni<\/td>\r\n<td>Knji\u017enica Prehrambeno-tehnolo\u0161kog fakultet Osijek<\/td>\r\n<td><a href=\"http:\/\/161.53.208.100\/lb10\/search.html\">Katalog knji\u017enice Prehrambeno-tehnolo\u0161ki fakultet Osijek<\/a><\/td>\r\n<\/tr>\r\n<tr>\r\n<td class=\"has-text-align-left\" data-align=\"left\"><a href=\"https:\/\/www.pravos.unios.hr\/\">Pravni fakultet Osijek<\/a><\/td>\r\n<td class=\"has-text-align-left\" data-align=\"left\">redoviti<\/td>\r\n<td>Knji\u017enica Pravnog fakulteta Osijek<\/td>\r\n<td><a href=\"http:\/\/161.53.208.108\/\">Katalog knji\u017enice Pravnog fakulteta Osijek<\/a><\/td>\r\n<\/tr>\r\n<tr>\r\n<td class=\"has-text-align-left\" data-align=\"left\"><a href=\"http:\/\/www.djkbf.unios.hr\/hr\/\">Katoli\u010dki bogoslovni fakultet u \u0110akovu<\/a><\/td>\r\n<td class=\"has-text-align-left\" data-align=\"left\">pridru\u017eeni<\/td>\r\n<td>Sredi\u0161nja nadbiskupijska i fakultetska knji\u017enica u \u0110akovu<\/td>\r\n<td><a href=\"http:\/\/161.53.208.100\/lb08\/search.html\" data-type=\"URL\" data-id=\"http:\/\/161.53.208.100\/lb08\/search.html\">Katalog Sredi\u0161nje nadbiskupijske i fakultetske knji\u017enice u \u0110akovu<\/a><\/td>\r\n<\/tr>\r\n<\/tbody>\r\n<\/table>\r\n<\/figure>\r\n\r\n\r\n\r\n\r\n\r\n<figure class=\"wp-block-table is-style-regular\">\r\n<table class=\"has-fixed-layout\">\r\n<tbody>\r\n<tr>\r\n<td>\u00a0<\/td>\r\n<td>\u00a0<\/td>\r\n<td>\u00a0<\/td>\r\n<\/tr>\r\n<\/tbody>\r\n<\/table>\r\n<\/figure>\r\n\r\n\r\n\r\n<h2 class=\"wp-block-heading\">ME\u0110IMURSKA \u017dUPANIJA<\/h2>\r\n\r\n\r\n\r\n<figure class=\"wp-block-table is-style-regular\">\r\n<table class=\"has-fixed-layout\">\r\n<tbody>\r\n<tr>\r\n<td><a href=\"https:\/\/www.kcc.hr\/\">Knji\u017enica &#8220;Nikola Zrinski&#8221; \u010cakovec<\/a><\/td>\r\n<td>redoviti<\/td>\r\n<td><a href=\"http:\/\/opak.crolib.hr\/cgi-bin\/wero.cgi?q=&amp;x=10&amp;y=8\">Skupni katalog knji\u017enica Me\u0111imurske \u017eupanije<\/a><\/td>\r\n<\/tr>\r\n<\/tbody>\r\n<\/table>\r\n<\/figure>\r\n\r\n\r\n\r\n<h2 class=\"wp-block-heading\">VARA\u017dDINSKA \u017dUPANIJA<\/h2>\r\n\r\n\r\n\r\n<figure class=\"wp-block-table is-style-regular\">\r\n<table class=\"has-fixed-layout\">\r\n<tbody>\r\n<tr>\r\n<td><a href=\"https:\/\/www.gknm.hr\/\">Gradska knji\u017enica i \u010ditaonica Novi Marof<\/a><\/td>\r\n<td>redoviti<\/td>\r\n<td><a href=\"http:\/\/193.198.9.207\/cgi-bin\/wero.cgi?q=\">Katalog Gradske knji\u017enice Novi Marof<\/a><\/td>\r\n<\/tr>\r\n<\/tbody>\r\n<\/table>\r\n<\/figure>\r\n\r\n\r\n\r\n<h2 class=\"wp-block-heading\">SISA\u010cKO-MOSLAVA\u010cKA \u017dUPANIJA<\/h2>\r\n\r\n\r\n\r\n<figure class=\"wp-block-table is-style-regular\">\r\n<table class=\"has-fixed-layout\">\r\n<tbody>\r\n<tr>\r\n<td><a href=\"https:\/\/www.nkc-sisak.hr\/\">Narodna knji\u017enica i \u010ditaonica Vlado Gotovac Sisak<\/a><\/td>\r\n<td>redoviti<\/td>\r\n<td><a href=\"http:\/\/193.198.9.204\/cgi-bin\/wero.cgi\">Skupni Katalog knji\u017enica Sisa\u010dko-Moslava\u010dke \u017eupanije<\/a><\/td>\r\n<\/tr>\r\n<\/tbody>\r\n<\/table>\r\n<\/figure>\r\n\r\n\r\n\r\n<h2 class=\"wp-block-heading\">GRAD ZAGREB<\/h2>\r\n\r\n\r\n\r\n<figure class=\"wp-block-table is-style-regular\">\r\n<table class=\"has-fixed-layout\">\r\n<tbody>\r\n<tr>\r\n<td><a href=\"https:\/\/www.pravo.unizg.hr\/\">Pravni fakultet Zagreb<\/a><\/td>\r\n<td>redoviti<\/td>\r\n<td><a href=\"https:\/\/www.pravo.unizg.hr\/knjiznica\">Knji\u017enica Pravnog fakulteta Zagreb<\/a><\/td>\r\n<td><a href=\"http:\/\/193.198.9.220\/cgi-bin\/wero.cgi?q=\">Katalog knji\u017enice Pravnog fakulteta Sveu\u010dili\u0161ta u Zagrebu<\/a><\/td>\r\n<\/tr>\r\n<tr>\r\n<td>\u00a0<\/td>\r\n<td>\u00a0<\/td>\r\n<td><a href=\"https:\/\/www.pravo.unizg.hr\/sc-sr\/knjiznica\">Knji\u017enica Studijskog centra za socijalni rad<\/a><\/td>\r\n<td><a href=\"http:\/\/161.53.157.30\/cgi-bin\/wero.cgi\">Katalog knji\u017enice Studijskog centra za socijalni rad<\/a><\/td>\r\n<\/tr>\r\n<tr>\r\n<td>\u00a0<\/td>\r\n<td>\u00a0<\/td>\r\n<td>\u00a0<\/td>\r\n<td>\u00a0<\/td>\r\n<\/tr>\r\n<tr>\r\n<td><a href=\"https:\/\/www.zg-nadbiskupija.hr\/nadbiskupski-duhovni-stol\">Zagreba\u010dka nadbiskupija, Nadbiskupski duhovni stol<\/a><\/td>\r\n<td>redoviti<\/td>\r\n<td><a href=\"https:\/\/www.zg-nadbiskupija.hr\/ucilista\/metropolitanska-knjiznica\">Metropolitanska knji\u017enica<\/a><\/td>\r\n<td><a href=\"http:\/\/193.198.9.209\/cgi-bin\/wero.cgi?q=\">Katalog Metropolitanske knji\u017enice Zagreba\u010dke nadbiskupije<\/a><\/td>\r\n<\/tr>\r\n<tr>\r\n<td><a href=\"https:\/\/www.agr.unizg.hr\/\">Agronomski fakultet<\/a><\/td>\r\n<td>redoviti<\/td>\r\n<td><a href=\"https:\/\/www.agr.unizg.hr\/hr\/group\/99\/Centralna+agronomska+knji%C5%BEnica\">Centralna agronomska knji\u017enica<\/a><\/td>\r\n<td><a href=\"http:\/\/194.152.210.24\">Katalog Centralne agronomske knji\u017enice<\/a><\/td>\r\n<\/tr>\r\n<\/tbody>\r\n<\/table>\r\n<\/figure>\r\n\r\n\r\n\r\n<h2 class=\"wp-block-heading\">ISTARSKA \u017dUPANIJA<\/h2>\r\n\r\n\r\n\r\n<figure class=\"wp-block-table is-style-regular\">\r\n<table class=\"has-fixed-layout\">\r\n<tbody>\r\n<tr>\r\n<td><a href=\"https:\/\/www.unipu.hr\/\">Sveu\u010dili\u0161te Jurja Dobrile u Puli<\/a><\/td>\r\n<td>redoviti<\/td>\r\n<td><a href=\"https:\/\/www.skpu.hr\/\">Sveu\u010dili\u0161na knji\u017enica u Puli<\/a><\/td>\r\n<td><a href=\"http:\/\/194.152.210.21\/cgi-bhttp:\/\/194.152.210.21\/cgi-bin\/ucat\/mentoe.cgi?q=in\/ucat\/wero.cgi?p=100001&amp;q=\">Skupni katalog Sveu\u010dili\u0161ta Jurja Dobrile u Puli<\/a><\/td>\r\n<\/tr>\r\n<tr>\r\n<td>\u00a0<\/td>\r\n<td>\u00a0<\/td>\r\n<td>\u00a0<\/td>\r\n<td><a href=\"http:\/\/194.152.210.21\/anew\/search.html\">Katalog Sveu\u010dili\u0161ne knji\u017enice u Puli<\/a><\/td>\r\n<\/tr>\r\n<tr>\r\n<td>\u00a0<\/td>\r\n<td>\u00a0<\/td>\r\n<td><a href=\"https:\/\/skpu.unipu.hr\/o_nama\/ogranci\/knjiznica-fakulteta-ekonomije-i-turizma#\">Knji\u017enica Fakulteta ekonimije i turizma \u201eDr. Mijo Mirkovi\u0107\u201c Pula<\/a><\/td>\r\n<td><a href=\"http:\/\/194.152.210.21\/lb02\/search.html\">Knji\u017enica Fakulteta ekonimije i turizma \u201eDr. Mijo Mirkovi\u0107\u201c Pula<\/a><\/td>\r\n<\/tr>\r\n<tr>\r\n<td>\u00a0<\/td>\r\n<td>\u00a0<\/td>\r\n<td><a href=\"https:\/\/skpu.unipu.hr\/o_nama\/ogranci\/knjiznica-filozofskog-fakulteta\">Knji\u017enica Filozofskog fakulteta, Odjela za studij na talijanskom jeziku i Muzi\u010dke akademije u Puli<\/a><\/td>\r\n<td><a href=\"http:\/\/194.152.210.21\/lb01\/search.html\">Katalog Knji\u017enice Filozofskog fakulteta, Odjela za studij na talijanskom jeziku i Muzi\u010dke akademije u Puli<\/a><\/td>\r\n<\/tr>\r\n<tr>\r\n<td>\u00a0<\/td>\r\n<td>\u00a0<\/td>\r\n<td><a href=\"https:\/\/skpu.unipu.hr\/o_nama\/ogranci\/knjiznica-fakulteta-za-odgojne-i-obrazovne-znanosti\">Knji\u017enica Fakulteta za odgojne i obrazovne znanosti Pula<\/a><\/td>\r\n<td><a href=\"http:\/\/194.152.210.21\/lb03\/search.html\">Katalog Knji\u017enice Fakulteta za odgojne i obrazovne znanosti Pula<\/a><\/td>\r\n<\/tr>\r\n<\/tbody>\r\n<\/table>\r\n<\/figure>\r\n\r\n\r\n\r\n<h2 class=\"wp-block-heading\">PRIMORSKO-GORANSKA \u017dUPANIJA<\/h2>\r\n\r\n\r\n\r\n<figure class=\"wp-block-table is-style-regular\">\r\n<table class=\"has-fixed-layout\">\r\n<tbody>\r\n<tr>\r\n<td><a href=\"https:\/\/www.svkri.uniri.hr\/hr\/\">Sveu\u010dili\u0161na knji\u017enica Rijeka<\/a><\/td>\r\n<td>redoviti<\/td>\r\n<td>\u00a0<\/td>\r\n<td><a href=\"https:\/\/libraries.uniri.hr\/unioncatalog\/search.html\">Skupni katalog Sveu\u010dili\u0161ta u Rijeci<\/a><\/td>\r\n<\/tr>\r\n<tr>\r\n<td>\u00a0<\/td>\r\n<td>\u00a0<\/td>\r\n<td>\u00a0<\/td>\r\n<td><a href=\"https:\/\/libraries.uniri.hr\/anew\/search.html\">Katalog Sveu\u010dili\u0161ne knji\u017enice Rijeka<\/a><\/td>\r\n<\/tr>\r\n<tr>\r\n<td>\u00a0<\/td>\r\n<td>\u00a0<\/td>\r\n<td><a href=\"https:\/\/www.svkri.uniri.hr\/hr\/podru%C5%BEnica-kampus.html\">Podru\u017enica Kampus<\/a><\/td>\r\n<td><a href=\"https:\/\/libraries.uniri.hr\/kampus\/search.html\">Katalog podru\u017enice Kampus<\/a><\/td>\r\n<\/tr>\r\n<tr>\r\n<td><a href=\"https:\/\/www.efri.uniri.hr\/\">Ekonomski fakultet Rijeka<\/a><\/td>\r\n<td>pridru\u017eeni<\/td>\r\n<td><a href=\"https:\/\/www.efri.uniri.hr\/hr\/knjiznica\/50\">Knji\u017enica Ekonomskog fakulteta Rijeka<\/a><\/td>\r\n<td><a href=\"https:\/\/libraries.uniri.hr\/efri\/search.html\">Katalog knji\u017enice Ekonomskog fakulteta Rijeka<\/a><\/td>\r\n<\/tr>\r\n<tr>\r\n<td><a href=\"https:\/\/www.fthm.uniri.hr\/\">Fakultet za menad\u017ement u turizmu i ugostiteljstvu Opatija<\/a><\/td>\r\n<td>pridru\u017eeni<\/td>\r\n<td><a href=\"https:\/\/www.fthm.uniri.hr\/knjiznica\">Knji\u017enica Fakulteta za menad\u017ement u turizmu i ugostiteljstvu Opatija<\/a><\/td>\r\n<td><a href=\"https:\/\/libraries.uniri.hr\/fmtu\/search.html\">Katlog knji\u017enice za menad\u017ement u turizmu i ugostiteljstvu Opatija<\/a><\/td>\r\n<\/tr>\r\n<tr>\r\n<td><a href=\"https:\/\/www.ffri.uniri.hr\/hr\/\">Filozofski fakultet u Rijeci<\/a><\/td>\r\n<td>pridru\u017eeni<\/td>\r\n<td><a href=\"https:\/\/www.ffri.uniri.hr\/hr\/knjiznica.html\">Knji\u017enica Filozofskog fakulteta u Rijeci<\/a><\/td>\r\n<td><a href=\"https:\/\/libraries.uniri.hr\/ffri\/search.html\">Katalog knji\u017enice Filozofskog fakulteta u Rijeci<\/a><\/td>\r\n<\/tr>\r\n<tr>\r\n<td><a href=\"https:\/\/www.gradri.uniri.hr\/hr\/\">Gra\u0111evinski fakultet u Rijeci<\/a><\/td>\r\n<td>pridru\u017eeni<\/td>\r\n<td><a href=\"https:\/\/www.gradri.uniri.hr\/hr\/knjiznica.html\">Knji\u017enica Gra\u0111evinskog fakulteta u Rijeci<\/a><\/td>\r\n<td><a href=\"https:\/\/libraries.uniri.hr\/gradri\/search.html\">Katalog knji\u017enice Gra\u0111evinskog fakulteta u Rijeci<\/a><\/td>\r\n<\/tr>\r\n<tr>\r\n<td><a href=\"https:\/\/www.medri.uniri.hr\/hr\/\">Medicinski fakultet u Rijeci<\/a><\/td>\r\n<td>pridru\u017eeni<\/td>\r\n<td><a href=\"https:\/\/www.medri.uniri.hr\/hr\/fakultet\/knjiznica.html\">Knji\u017enica Medicinskog fakulteta u Rijeci<\/a><\/td>\r\n<td><a href=\"https:\/\/libraries.uniri.hr\/medri\/search.html\">Katalog knji\u017enice Medicinskog fakulteta u Rijeci<\/a><\/td>\r\n<\/tr>\r\n<tr>\r\n<td><a href=\"https:\/\/www.pfri.uniri.hr\/web\/hr\/index.php\">Pomorski fakultet u Rijeci<\/a><\/td>\r\n<td>pridru\u017eeni<\/td>\r\n<td><a href=\"https:\/\/www.pfri.uniri.hr\/web\/hr\/SLUZBA_knjiznica.php\">Knji\u017enica Pomorskog fakulteta u Rijeci<\/a><\/td>\r\n<td><a href=\"https:\/\/libraries.uniri.hr\/pfri\/search.html\">Katalog knji\u017enice Pomorskog fakulteta u Rijeci<\/a><\/td>\r\n<\/tr>\r\n<tr>\r\n<td><a href=\"https:\/\/www.pravri.uniri.hr\/hr\/\">Pravni fakultet u Rijeci<\/a><\/td>\r\n<td>pridru\u017eeni<\/td>\r\n<td><a href=\"https:\/\/www.pravri.uniri.hr\/hr\/knjiznica.html\">Knji\u017enica Pravnog fakulteta u Rijeci<\/a><\/td>\r\n<td><a href=\"https:\/\/libraries.uniri.hr\/pravri\/search.html\">Katalog knji\u017enice Pravnog fakulteta u Rijeci<\/a><\/td>\r\n<\/tr>\r\n<tr>\r\n<td><a href=\"http:\/\/www.riteh.uniri.hr\/\">Tehni\u010dki fakultet Rijeka<\/a><\/td>\r\n<td>pridru\u017eeni<\/td>\r\n<td><a href=\"http:\/\/www.riteh.uniri.hr\/ustroj\/knjiznica\/\">Knji\u017enica Tehni\u010dkog fakulteta Rijeka<\/a><\/td>\r\n<td><a href=\"https:\/\/libraries.uniri.hr\/riteh\/search.html\">Katalog knji\u017enice Tehni\u010dkog fakulteta Rijeka<\/a><\/td>\r\n<\/tr>\r\n<tr>\r\n<td><a href=\"https:\/\/www.veleri.hr\/\">Veleu\u010dili\u0161te u Rijeci<\/a><\/td>\r\n<td>redoviti<\/td>\r\n<td><a href=\"https:\/\/www.veleri.hr\/?q=node\/12\">Knji\u017enica Veleu\u010dili\u0161ta u Rijeci<\/a><\/td>\r\n<td><a href=\"http:\/\/veleri.svkri.hr\/\">Katalog knji\u017enice Veleu\u010dili\u0161ta u Rijeci<\/a><\/td>\r\n<\/tr>\r\n<\/tbody>\r\n<\/table>\r\n<\/figure>\r\n\r\n\r\n\r\n<h2 class=\"wp-block-heading\">ZADARSKA \u017dUPANIJA<\/h2>\r\n\r\n\r\n\r\n<figure class=\"wp-block-table is-style-regular\">\r\n<table class=\"has-fixed-layout\">\r\n<tbody>\r\n<tr>\r\n<td><a href=\"https:\/\/www.gkzd.hr\/\">Gradska knji\u017enica Zadar<\/a><\/td>\r\n<td>redoviti<\/td>\r\n<td>\u00a0<\/td>\r\n<td><a href=\"http:\/\/161.53.142.3\/cgi-bin\/ucat\/wero.cgi\">Skupni katalog knji\u017enica Zadarske \u017eupanije<\/a><\/td>\r\n<\/tr>\r\n<tr>\r\n<td>\u00a0<\/td>\r\n<td>\u00a0<\/td>\r\n<td>\u00a0<\/td>\r\n<td><a href=\"http:\/\/161.53.142.3\/cgi-bin\/wero.cgi\">Katalog Gradske knji\u017enice Zadar<\/a><\/td>\r\n<\/tr>\r\n<tr>\r\n<td>\u00a0<\/td>\r\n<td>\u00a0<\/td>\r\n<td>\u00a0<\/td>\r\n<td><a href=\"http:\/\/161.53.142.3\/cgi-bin\/lb14\/wero.cgi\">Skupni katalog knji\u017enica osnovnih \u0161kola Zadarske \u017eupanije<\/a><\/td>\r\n<\/tr>\r\n<tr>\r\n<td>\u00a0<\/td>\r\n<td>\u00a0<\/td>\r\n<td>\u00a0<\/td>\r\n<td><a href=\"http:\/\/161.53.142.3\/cgi-bin\/lb10\/wero.cgi\">Skupni katalog knji\u017enica srednjih \u0161kola Zadarske \u017eupanije<\/a><\/td>\r\n<\/tr>\r\n<tr>\r\n<td><a href=\"https:\/\/www.knjiznica.hr\/pag\">Gradska knji\u017enica Pag<\/a><\/td>\r\n<td>pridru\u017eeni<\/td>\r\n<td>\u00a0<\/td>\r\n<td><a href=\"http:\/\/161.53.142.3\/lb09\/search.html\">Katalog Gradske knji\u017enice Pag<\/a><\/td>\r\n<\/tr>\r\n<tr>\r\n<td><a href=\"https:\/\/www.knjiznica.hr\/knjiznice\/?id=188\">Gradska knji\u017enica Benkovac<\/a><\/td>\r\n<td>pridru\u017eeni<\/td>\r\n<td>\u00a0<\/td>\r\n<td><a href=\"http:\/\/161.53.142.3\/lb06\/search.html\">Katalog Gradske knji\u017enice Benkovac<\/a><\/td>\r\n<\/tr>\r\n<tr>\r\n<td><a href=\"https:\/\/www.unizd.hr\/\">Sveu\u010dili\u0161te u Zadru<\/a><\/td>\r\n<td>redoviti<\/td>\r\n<td><a href=\"https:\/\/sveucilisnaknjiznica.unizd.hr\/\">Sveu\u010dili\u0161na knji\u017enica Zadar<\/a><\/td>\r\n<td><a href=\"http:\/\/161.53.27.200\/ucat\/search.html\">Skupni katalog Sveu\u010dili\u0161ta u Zadru<\/a><\/td>\r\n<\/tr>\r\n<tr>\r\n<td>\u00a0<\/td>\r\n<td>\u00a0<\/td>\r\n<td>\u00a0<\/td>\r\n<td><a href=\"http:\/\/161.53.27.200\/anew\/search.html\">Katalog Sveu\u010dili\u0161ne knji\u017enice<\/a><\/td>\r\n<\/tr>\r\n<tr>\r\n<td>\u00a0<\/td>\r\n<td>\u00a0<\/td>\r\n<td><a href=\"https:\/\/sveucilisnaknjiznica.unizd.hr\/o-knjiznici-kontakt\/ogranci\/knjiznica-odjela-za-nastavnicke-studije-u-gospicu\">knji\u017enica Odjela za nastavni\u010dke studije u Gospi\u0107u <\/a><\/td>\r\n<td><a href=\"http:\/\/161.53.27.200\/lb05\/search.html\">Katalog knji\u017enice Odjela za nastavni\u010dke studije u Gospi\u0107u<\/a><\/td>\r\n<\/tr>\r\n<tr>\r\n<td><a href=\"https:\/\/www.dazd.hr\/hr\">Dr\u017eavni arhiv u Zadru<\/a><\/td>\r\n<td>pridru\u017eeni<\/td>\r\n<td><a href=\"https:\/\/www.dazd.hr\/hr\/posjetite-nas\/knjiznica-dazd-a\/12\">Knji\u017enica Dr\u017eavnog arhiva u Zadru<\/a><\/td>\r\n<td><a href=\"http:\/\/161.53.27.200\/lb06\/search.html\">Katalog knji\u017enice Dr\u017eavnog arhiva u Zadru<\/a><\/td>\r\n<\/tr>\r\n<tr>\r\n<td><a href=\"http:\/\/www.zkzd.hr\/\">Znanstvena knji\u017enica Zadar<\/a><\/td>\r\n<td>redoviti<\/td>\r\n<td>\u00a0<\/td>\r\n<td><a href=\"http:\/\/161.53.142.7\/cgi-bin\/wero.cgi\">Katalog Znanstvene knji\u017enice Zadar<\/a><\/td>\r\n<\/tr>\r\n<\/tbody>\r\n<\/table>\r\n<\/figure>\r\n\r\n\r\n\r\n<h2 class=\"wp-block-heading\">\u0160IBENSKO-KNINSKA \u017dUPANIJA<\/h2>\r\n\r\n\r\n\r\n<figure class=\"wp-block-table is-style-regular\"><br \/>\r\n<table class=\"has-fixed-layout\">\r\n<tbody><!--<tr>\r\n<td>Gradska knji\u017enica \"Juraj \u0160i\u017egori\u0107\"<br \/>\u0160ibenik<\/td>\r\n<td>redoviti<\/td>\r\n<td><a href=\"http:\/\/212.92.192.230\/ucat\/search.html\">Skupni katalog knji\u017enica \u0160ibensko-kninske \u017eupanije<\/a><\/td>\r\n<\/tr>\r\n<tr>\r\n<td>\u00a0<\/td>\r\n<td>\u00a0<\/td>\r\n<td>\u00a0<\/td>\r\n<\/tr>-->\r\n<tr>\r\n<td><a href=\"https:\/\/nkknin.hr\/\">Narodna knji\u017enica Knin<\/a><\/td>\r\n<td>redoviti<\/td>\r\n<td><a href=\"http:\/\/193.198.9.223\/cgi-bin\/wero.cgi\">Narodna knji\u017enica Knin<\/a><\/td>\r\n<\/tr>\r\n<tr>\r\n<td><a href=\"https:\/\/www.narodna-knjiznica-drnis.hr\/\">Narodna knji\u017enica Drni\u0161<\/a><\/td>\r\n<td>redoviti<\/td>\r\n<td><a href=\"http:\/\/193.198.9.208\/cgi-bin\/wero.cgi\">Narodna knji\u017enica Drni\u0161<\/a><\/td>\r\n<\/tr>\r\n<\/tbody>\r\n<\/table>\r\n<\/figure>\r\n\r\n\r\n\r\n<h2 class=\"wp-block-heading\">SPLITSKO-DALMATINSKA \u017dUPANIJA<\/h2>\r\n\r\n\r\n\r\n<figure class=\"wp-block-table is-style-regular\">\r\n<table class=\"has-fixed-layout\">\r\n<tbody>\r\n<tr>\r\n<td><a href=\"https:\/\/www.svkst.unist.hr\/\">Sveu\u010dili\u0161na knji\u017enica u Splitu<\/a><\/td>\r\n<td>redoviti<\/td>\r\n<td>\u00a0<\/td>\r\n<td><a href=\"http:\/\/193.198.9.216\/ucat\/search.html\">Skupni katalog knji\u017enica Sveu\u010dili\u0161ta u Splitu<\/a><\/td>\r\n<\/tr>\r\n<tr>\r\n<td>\u00a0<\/td>\r\n<td>\u00a0<\/td>\r\n<td>\u00a0<\/td>\r\n<td><a href=\"http:\/\/193.198.9.216\/anew\/search.html\">Katalog Sveu\u010dili\u0161ne knji\u017enice u Splitu<\/a><\/td>\r\n<\/tr>\r\n<tr>\r\n<td>E<a href=\"http:\/\/www.efst.unist.hr\/\">konomski fakultet u Splitu<\/a><\/td>\r\n<td>redoviti<\/td>\r\n<td><a href=\"http:\/\/www.efst.unist.hr\/o-fakultetu\/fakultet\/organizacija\/knjiznica\">Knji\u017enica Ekonomskog fakulteta Split<\/a><\/td>\r\n<td><a href=\"http:\/\/193.198.9.216\/lb04\/search.html\">Katalog knji\u017enice Ekonomskog fakulteta u Splitu<\/a><\/td>\r\n<\/tr>\r\n<tr>\r\n<td><a href=\"https:\/\/www.pravst.unist.hr\/\">Pravni fakultet Split<\/a><\/td>\r\n<td>redoviti<\/td>\r\n<td><a href=\"https:\/\/www.pravst.unist.hr\/knjiznica\/\">Knji\u017enica Pravnog fakulteta Split<\/a><\/td>\r\n<td><a href=\"http:\/\/193.198.9.216\/lb05\/search.html\">Katalog knji\u017enice Pravnog fakulteta Split<\/a><\/td>\r\n<\/tr>\r\n<tr>\r\n<td>\u00a0<\/td>\r\n<td>\u00a0<\/td>\r\n<td>\u00a0<\/td>\r\n<td>\u00a0<\/td>\r\n<\/tr>\r\n<\/tbody>\r\n<\/table>\r\n<\/figure>\r\n\r\n\r\n\r\n<h2 class=\"wp-block-heading\">DUBROVA\u010cKO-NERETVANSKA \u017dUPANIJA<\/h2>\r\n\r\n\r\n\r\n<figure class=\"wp-block-table is-style-regular\">\r\n<table class=\"has-fixed-layout\">\r\n<tbody>\r\n<tr>\r\n<td><a href=\"http:\/\/www.dkd.hr\/\">Dubrova\u010dke knji\u017enice Dubrovnik<\/a><\/td>\r\n<td>redoviti<\/td>\r\n<td><a href=\"https:\/\/www.dkd.hr\/narodna-knjiznica\/\">Narodna knji\u017enica Grad<\/a><\/td>\r\n<td><a href=\"http:\/\/193.198.9.217\/cgi-bin\/wero.cgi\">Katalog narodne knji\u017enice Grad<\/a><\/td>\r\n<\/tr>\r\n<tr>\r\n<td>\u00a0<\/td>\r\n<td>\u00a0<\/td>\r\n<td><a href=\"https:\/\/www.dkd.hr\/znanstvena-knjiznica\/\">Znanstvena knji\u017enica<\/a><\/td>\r\n<td><a href=\"http:\/\/193.198.9.203\/cgi-bin\/wero.cgi\">Katalog Znanstvene knji\u017enice Dubrovnik<\/a><\/td>\r\n<\/tr>\r\n<tr>\r\n<td><a href=\"https:\/\/www.unidu.hr\/\">Sveu\u010dili\u0161te u Dubrovniku<\/a><\/td>\r\n<td>redoviti<\/td>\r\n<td>\u00a0<\/td>\r\n<td><a href=\"http:\/\/194.152.210.20\/ucat\/search.html\">skupni katalog knji\u017enica Sveu\u010dili\u0161ta u Dubrovniku<\/a><\/td>\r\n<\/tr>\r\n<tr>\r\n<td>\u00a0<\/td>\r\n<td>\u00a0<\/td>\r\n<td><a href=\"https:\/\/www.unidu.hr\/centar-za-turisticku-dokumentaciju-i-informaciju\/\">Centar za turisti\u010dku dokumentaciju i informaciju <\/a><\/td>\r\n<td><a href=\"http:\/\/194.152.210.20\/lb03\/search.html\">Katalog knji\u017enice centra za turisti\u010dku dokumentaciju i informaciju<\/a><\/td>\r\n<\/tr>\r\n<tr>\r\n<td>\u00a0<\/td>\r\n<td>\u00a0<\/td>\r\n<td><a href=\"https:\/\/www.unidu.hr\/knjiznica-za-drustvene-znanosti\/\">Knji\u017enica za dru\u0161tvene znanosti<\/a><\/td>\r\n<td><a href=\"http:\/\/194.152.210.20\/lb02\/search.html\">Katalog knji\u017enica za dru\u0161tvene znanosti<\/a><\/td>\r\n<\/tr>\r\n<tr>\r\n<td>\u00a0<\/td>\r\n<td>\u00a0<\/td>\r\n<td><a href=\"https:\/\/www.unidu.hr\/knjiznica-za-tehnicke-i-biotehnicke-znanosti\/\">Knji\u017enica za tehni\u010dke i biotehni\u010dke znanosti<\/a><\/td>\r\n<td><a href=\"http:\/\/194.152.210.20\/lb01\/search.html\">Katalog knji\u017enice za tehni\u010dke i biotehni\u010dke znanosti<\/a><\/td>\r\n<\/tr>\r\n<\/tbody>\r\n<\/table>\r\n<\/figure>\r\n","protected":false},"excerpt":{"rendered":"<p>OSJE\u010cKO-BARANJSKA \u017dUPANIJA NAZIV \u010cLANA KATEGORIJA SASTAVNICA KATALOG \u00a0 \u00a0 Gradska i sveu\u010dilili\u0161na knji\u017enica Osijek Katalog Gradske i sveu\u010dilili\u0161ne knji\u017enice Osijek Gradska i sveu\u010dili\u0161na knji\u017enica Osijek redoviti Stare i rijetke knjige &#8230;<\/p>\n","protected":false},"author":1,"featured_media":0,"parent":0,"menu_order":0,"comment_status":"closed","ping_status":"closed","template":"","meta":{"footnotes":""},"class_list":["post-23","page","type-page","status-publish","hentry"],"_links":{"self":[{"href":"https:\/\/www.ukkc.crolib.hr\/index.php?rest_route=\/wp\/v2\/pages\/23","targetHints":{"allow":["GET"]}}],"collection":[{"href":"https:\/\/www.ukkc.crolib.hr\/index.php?rest_route=\/wp\/v2\/pages"}],"about":[{"href":"https:\/\/www.ukkc.crolib.hr\/index.php?rest_route=\/wp\/v2\/types\/page"}],"author":[{"embeddable":true,"href":"https:\/\/www.ukkc.crolib.hr\/index.php?rest_route=\/wp\/v2\/users\/1"}],"replies":[{"embeddable":true,"href":"https:\/\/www.ukkc.crolib.hr\/index.php?rest_route=%2Fwp%2Fv2%2Fcomments&post=23"}],"version-history":[{"count":78,"href":"https:\/\/www.ukkc.crolib.hr\/index.php?rest_route=\/wp\/v2\/pages\/23\/revisions"}],"predecessor-version":[{"id":742,"href":"https:\/\/www.ukkc.crolib.hr\/index.php?rest_route=\/wp\/v2\/pages\/23\/revisions\/742"}],"wp:attachment":[{"href":"https:\/\/www.ukkc.crolib.hr\/index.php?rest_route=%2Fwp%2Fv2%2Fmedia&parent=23"}],"curies":[{"name":"wp","href":"https:\/\/api.w.org\/{rel}","templated":true}]}}